{"id":1396,"date":"2022-12-26T10:59:01","date_gmt":"2022-12-26T09:59:01","guid":{"rendered":"https:\/\/stage.itekcom.com\/?post_type=collaborateurs&#038;p=1396"},"modified":"2024-12-07T07:45:48","modified_gmt":"2024-12-07T06:45:48","slug":"personal-yves-putnikovic","status":"publish","type":"collaborateurs","link":"https:\/\/www.itekcom.com\/es\/empleados\/personal-yves-putnikovic\/","title":{"rendered":"Yves Putnikovic Bottin | Director General de Itekcom"},"content":{"rendered":"<h2><strong><img decoding=\"async\" class=\"wp-image-2004 alignleft\" src=\"https:\/\/www.itekcom.com\/wp-content\/uploads\/2023\/01\/yves-235x300.jpg\" alt=\"\" width=\"154\" height=\"197\" srcset=\"https:\/\/www.itekcom.com\/wp-content\/uploads\/2023\/01\/yves-235x300.jpg 235w, https:\/\/www.itekcom.com\/wp-content\/uploads\/2023\/01\/yves-801x1024.jpg 801w, https:\/\/www.itekcom.com\/wp-content\/uploads\/2023\/01\/yves-768x981.jpg 768w, https:\/\/www.itekcom.com\/wp-content\/uploads\/2023\/01\/yves.jpg 1134w\" sizes=\"(max-width: 154px) 100vw, 154px\" \/><\/strong><\/h2>\n<h1><strong>Yves Putnikovic Bottin: visionario de la sanidad electr\u00f3nica y la inteligencia artificial para la digitalizaci\u00f3n<\/strong><\/h1>\n<p>&nbsp;<\/p>\n<p>&nbsp;<\/p>\n<p>&nbsp;<\/p>\n<p>Empresario visionario y pionero de la <strong>farmacia en l\u00ednea<\/strong> en Francia, Yves Putnikovic Bottin ha ido transformando el paisaje del <strong>salud conectada<\/strong> y <strong>digitalizaci\u00f3n farmac\u00e9utica<\/strong>. Al incorporar los \u00faltimos avances en <strong>inteligencia artificial (IA)<\/strong> y tecnolog\u00edas disruptivas, est\u00e1 redefiniendo la forma en que los profesionales sanitarios interact\u00faan con sus pacientes en la era digital.<\/p>\n<h2><strong>Una carrera inspirada en la innovaci\u00f3n y la excelencia<\/strong><\/h2>\n<p>Bas\u00e1ndose en su experiencia en el <strong>Silicon Valley<\/strong>, Yves ha desarrollado una experiencia \u00fanica en estrategias digitales y tecnolog\u00edas avanzadas. Estos conocimientos, combinados con un profundo conocimiento de los mercados europeos, han dado lugar a la creaci\u00f3n de plataformas innovadoras que satisfacen las crecientes necesidades de los consumidores. <strong>profesionales sanitarios<\/strong>.<\/p>\n<p>Es fundador de soluciones estrat\u00e9gicas como :<\/p>\n<ul>\n<li><a href=\"https:\/\/www.itekcom.com\/es\"><strong>ITEKCOM<\/strong><\/a> Plataforma dedicada a las estrategias digitales para la transformaci\u00f3n digital de los profesionales sanitarios.<\/li>\n<li><a href=\"https:\/\/itekpharma.com\"><strong>ITEKPHARMA<\/strong>\u00a0<\/a>: Soluciones de comercio electr\u00f3nico eficaces y conformes para farmacias y parafarmacias.<\/li>\n<li><a href=\"https:\/\/izyflex.com\"><strong>IZYFLEX<\/strong><\/a>\u00a0y<a href=\"https:\/\/izymeet.com\"> <strong>IZYMEET<\/strong><\/a>: Herramientas de optimizaci\u00f3n para la gesti\u00f3n de citas y la digitalizaci\u00f3n de los servicios sanitarios.<\/li>\n<\/ul>\n<h2><strong>IA: una revoluci\u00f3n en el comercio electr\u00f3nico sanitario<\/strong><\/h2>\n<p>Yves pone el\u2019<strong>inteligencia artificial (IA)<\/strong> en el centro de sus proyectos para responder a los retos de la sanidad conectada. He aqu\u00ed algunos de los resultados concretos logrados gracias a sus soluciones innovadoras:<\/p>\n<ul>\n<li><strong>Optimizaci\u00f3n de las existencias<\/strong> 40 % de reducci\u00f3n de roturas gracias a algoritmos predictivos.<\/li>\n<li><strong>Recomendaciones personalizadas<\/strong> 25 % aumento de las ventas gracias a sugerencias adaptadas a las necesidades de los pacientes.<\/li>\n<li><strong>Chatbots inteligentes<\/strong> Gesti\u00f3n de 70 % de solicitudes de clientes, disponibles 24 horas al d\u00eda, 7 d\u00edas a la semana, con mayor satisfacci\u00f3n.<\/li>\n<\/ul>\n<p>Estos resultados muestran c\u00f3mo la IA puede revolucionar la gesti\u00f3n de <strong>farmacias en l\u00ednea<\/strong> y mejorar el rendimiento de <strong>salud conectada<\/strong>.<\/p>\n<h2><strong>\u00bfPor qu\u00e9 elegir al Grupo Itekcom para su Transformaci\u00f3n Digital?<\/strong><\/h2>\n<p>Especialistas en\u2019<strong>salud comercio electr\u00f3nico<\/strong> y <strong>digitalizaci\u00f3n farmac\u00e9utica<\/strong>, Le ofrecemos soluciones que incorporan los \u00faltimos avances en <strong>inteligencia artificial (IA)<\/strong>.<\/p>\n<p>Con una experiencia reconocida en el sector, la <strong>Grupo Itekcom<\/strong> apoya a los profesionales sanitarios y a las empresas farmac\u00e9uticas en la creaci\u00f3n de ecosistemas digitales innovadores y de alto rendimiento que cumplan las normas europeas.<\/p>\n<p>Nuestras soluciones est\u00e1n dise\u00f1adas para :<\/p>\n<ul>\n<li><strong>Aumente su rendimiento en l\u00ednea<\/strong>, con herramientas adaptadas a sus necesidades espec\u00edficas.<\/li>\n<li><strong>Optimice sus existencias y la gesti\u00f3n de sus clientes<\/strong> con tecnolog\u00edas predictivas basadas en IA.<\/li>\n<li><strong>Mejore su experiencia de usuario<\/strong> gracias a plataformas intuitivas y atractivas.<\/li>\n<\/ul>\n<p>Conf\u00ede en nuestra experiencia para <strong>salud conectada sostenible<\/strong> y alcance sus objetivos estrat\u00e9gicos con total tranquilidad.<\/p>\n<h2><strong>Experiencia en cumplimiento y transformaci\u00f3n digital<\/strong><\/h2>\n<p>Dominar la <strong>Normativa francesa y europea<\/strong>, Yves garantiza que cada proyecto cumple las estrictas normas del sector farmac\u00e9utico. Tanto si se trata de gestionar bases de datos de productos, integrar m\u00f3dulos de programaci\u00f3n de citas o dise\u00f1ar <strong>soluciones de comercio electr\u00f3nico llave en mano<\/strong>, Ofrece seguridad, rendimiento y fiabilidad.<\/p>\n<h2><strong>Una visi\u00f3n estrat\u00e9gica y global<\/strong><\/h2>\n<p>Con ambiciones internacionales, Yves invierte en la <strong>investigaci\u00f3n y desarrollo<\/strong> para mantenerse a la vanguardia de las tecnolog\u00edas emergentes. Dise\u00f1a <strong>ecosistemas digitales completos<\/strong>, optimizar el acceso a la asistencia y mejorar la calidad de los servicios sanitarios.<\/p>\n<p>Su enfoque centrado en la innovaci\u00f3n ha permitido a sus clientes :<\/p>\n<ul>\n<li>Generar varios millones de euros en ventas.<\/li>\n<li>Fidelice a sus pacientes mediante servicios personalizados.<\/li>\n<li>Posicionarnos como l\u00edderes en mercados altamente competitivos.<\/li>\n<\/ul>\n<h2><strong>Hacia una sanidad conectada eficiente y sostenible<\/strong><\/h2>\n<p>Guiado por una visi\u00f3n audaz, Yves Putnikovic Bottin sigue ampliando los l\u00edmites de la innovaci\u00f3n integrando la inteligencia artificial en sus soluciones digitales. Su objetivo: revolucionar <strong>salud conectada<\/strong>, anticiparse a las necesidades de los profesionales sanitarios y afrontar los retos cruciales de la asistencia sanitaria del ma\u00f1ana.<\/p>","protected":false},"featured_media":0,"template":"","class_list":["post-1396","collaborateurs","type-collaborateurs","status-publish","hentry"],"acf":[],"yoast_head":"<!-- This site is optimized with the Yoast SEO plugin v27.5 - https:\/\/yoast.com\/product\/yoast-seo-wordpress\/ -->\n<title>Yves Putnikovic Bottin | CEO d&#039;Itekcom<\/title>\n<meta name=\"description\" content=\"D\u00e9couvrez Yves Putnikovic Bottin, CEO Itekcom, leader en communication digitale sant\u00e9, et son parcours inspirant dans l&#039;innovation digitale.\" \/>\n<meta name=\"robots\" content=\"index, follow, max-snippet:-1, max-image-preview:large, max-video-preview:-1\" \/>\n<link rel=\"canonical\" href=\"https:\/\/www.itekcom.com\/es\/empleados\/personal-yves-putnikovic\/\" \/>\n<meta property=\"og:locale\" content=\"es_ES\" \/>\n<meta property=\"og:type\" content=\"article\" \/>\n<meta property=\"og:title\" content=\"Yves Putnikovic Bottin | CEO d&#039;Itekcom\" \/>\n<meta property=\"og:description\" content=\"D\u00e9couvrez Yves Putnikovic Bottin, CEO Itekcom, leader en communication digitale sant\u00e9, et son parcours inspirant dans l&#039;innovation digitale.\" \/>\n<meta property=\"og:url\" content=\"https:\/\/www.itekcom.com\/es\/empleados\/personal-yves-putnikovic\/\" \/>\n<meta property=\"og:site_name\" content=\"Agence Digitale Sp\u00e9cialis\u00e9e en E-Sant\u00e9 et Marketing M\u00e9dical\" \/>\n<meta property=\"article:modified_time\" content=\"2024-12-07T06:45:48+00:00\" \/>\n<meta property=\"og:image\" content=\"https:\/\/www.itekcom.com\/wp-content\/uploads\/2023\/01\/yves-235x300.jpg\" \/>\n<meta name=\"twitter:card\" content=\"summary_large_image\" \/>\n<meta name=\"twitter:label1\" content=\"Tiempo de lectura\" \/>\n\t<meta name=\"twitter:data1\" content=\"4 minutos\" \/>\n<script type=\"application\/ld+json\" class=\"yoast-schema-graph\">{\"@context\":\"https:\\\/\\\/schema.org\",\"@graph\":[{\"@type\":\"WebPage\",\"@id\":\"https:\\\/\\\/www.itekcom.com\\\/collaborateurs\\\/collaborateurs-yves-putnikovic\\\/\",\"url\":\"https:\\\/\\\/www.itekcom.com\\\/collaborateurs\\\/collaborateurs-yves-putnikovic\\\/\",\"name\":\"Yves Putnikovic Bottin | CEO d'Itekcom\",\"isPartOf\":{\"@id\":\"https:\\\/\\\/www.itekcom.com\\\/#website\"},\"primaryImageOfPage\":{\"@id\":\"https:\\\/\\\/www.itekcom.com\\\/collaborateurs\\\/collaborateurs-yves-putnikovic\\\/#primaryimage\"},\"image\":{\"@id\":\"https:\\\/\\\/www.itekcom.com\\\/collaborateurs\\\/collaborateurs-yves-putnikovic\\\/#primaryimage\"},\"thumbnailUrl\":\"https:\\\/\\\/www.itekcom.com\\\/wp-content\\\/uploads\\\/2023\\\/01\\\/yves-235x300.jpg\",\"datePublished\":\"2022-12-26T09:59:01+00:00\",\"dateModified\":\"2024-12-07T06:45:48+00:00\",\"description\":\"D\u00e9couvrez Yves Putnikovic Bottin, CEO Itekcom, leader en communication digitale sant\u00e9, et son parcours inspirant dans l'innovation digitale.\",\"breadcrumb\":{\"@id\":\"https:\\\/\\\/www.itekcom.com\\\/collaborateurs\\\/collaborateurs-yves-putnikovic\\\/#breadcrumb\"},\"inLanguage\":\"es\",\"potentialAction\":[{\"@type\":\"ReadAction\",\"target\":[\"https:\\\/\\\/www.itekcom.com\\\/collaborateurs\\\/collaborateurs-yves-putnikovic\\\/\"]}]},{\"@type\":\"ImageObject\",\"inLanguage\":\"es\",\"@id\":\"https:\\\/\\\/www.itekcom.com\\\/collaborateurs\\\/collaborateurs-yves-putnikovic\\\/#primaryimage\",\"url\":\"https:\\\/\\\/www.itekcom.com\\\/wp-content\\\/uploads\\\/2023\\\/01\\\/yves-235x300.jpg\",\"contentUrl\":\"https:\\\/\\\/www.itekcom.com\\\/wp-content\\\/uploads\\\/2023\\\/01\\\/yves-235x300.jpg\"},{\"@type\":\"BreadcrumbList\",\"@id\":\"https:\\\/\\\/www.itekcom.com\\\/collaborateurs\\\/collaborateurs-yves-putnikovic\\\/#breadcrumb\",\"itemListElement\":[{\"@type\":\"ListItem\",\"position\":1,\"name\":\"Accueil\",\"item\":\"https:\\\/\\\/www.itekcom.com\\\/\"},{\"@type\":\"ListItem\",\"position\":2,\"name\":\"Yves Putnikovic Bottin | CEO d&rsquo;Itekcom\"}]},{\"@type\":\"WebSite\",\"@id\":\"https:\\\/\\\/www.itekcom.com\\\/#website\",\"url\":\"https:\\\/\\\/www.itekcom.com\\\/\",\"name\":\"Agence Digitale Sp\u00e9cialis\u00e9e en E-Sant\u00e9 et Marketing M\u00e9dical\",\"description\":\"Innover la Sant\u00e9 Digitale, Transformer Vos Ambitions\",\"publisher\":{\"@id\":\"https:\\\/\\\/www.itekcom.com\\\/#organization\"},\"potentialAction\":[{\"@type\":\"SearchAction\",\"target\":{\"@type\":\"EntryPoint\",\"urlTemplate\":\"https:\\\/\\\/www.itekcom.com\\\/?s={search_term_string}\"},\"query-input\":{\"@type\":\"PropertyValueSpecification\",\"valueRequired\":true,\"valueName\":\"search_term_string\"}}],\"inLanguage\":\"es\"},{\"@type\":\"Organization\",\"@id\":\"https:\\\/\\\/www.itekcom.com\\\/#organization\",\"name\":\"Agence Digitale Sp\u00e9cialis\u00e9e en E-Sant\u00e9 et Marketing M\u00e9dical\",\"url\":\"https:\\\/\\\/www.itekcom.com\\\/\",\"logo\":{\"@type\":\"ImageObject\",\"inLanguage\":\"es\",\"@id\":\"https:\\\/\\\/www.itekcom.com\\\/#\\\/schema\\\/logo\\\/image\\\/\",\"url\":\"https:\\\/\\\/www.itekcom.com\\\/wp-content\\\/uploads\\\/2022\\\/10\\\/logo-itek.svg\",\"contentUrl\":\"https:\\\/\\\/www.itekcom.com\\\/wp-content\\\/uploads\\\/2022\\\/10\\\/logo-itek.svg\",\"caption\":\"Agence Digitale Sp\u00e9cialis\u00e9e en E-Sant\u00e9 et Marketing M\u00e9dical\"},\"image\":{\"@id\":\"https:\\\/\\\/www.itekcom.com\\\/#\\\/schema\\\/logo\\\/image\\\/\"}}]}<\/script>\n<!-- \/ Yoast SEO plugin. -->","yoast_head_json":{"title":"Yves Putnikovic Bottin | Director General de Itekcom","description":"Obtenga m\u00e1s informaci\u00f3n sobre Yves Putnikovic Bottin, Consejero Delegado de Itekcom, l\u00edder en comunicaciones sanitarias digitales, y su inspiradora carrera en innovaci\u00f3n digital.","robots":{"index":"index","follow":"follow","max-snippet":"max-snippet:-1","max-image-preview":"max-image-preview:large","max-video-preview":"max-video-preview:-1"},"canonical":"https:\/\/www.itekcom.com\/es\/empleados\/personal-yves-putnikovic\/","og_locale":"es_ES","og_type":"article","og_title":"Yves Putnikovic Bottin | CEO d'Itekcom","og_description":"D\u00e9couvrez Yves Putnikovic Bottin, CEO Itekcom, leader en communication digitale sant\u00e9, et son parcours inspirant dans l'innovation digitale.","og_url":"https:\/\/www.itekcom.com\/es\/empleados\/personal-yves-putnikovic\/","og_site_name":"Agence Digitale Sp\u00e9cialis\u00e9e en E-Sant\u00e9 et Marketing M\u00e9dical","article_modified_time":"2024-12-07T06:45:48+00:00","og_image":[{"url":"https:\/\/www.itekcom.com\/wp-content\/uploads\/2023\/01\/yves-235x300.jpg","type":"","width":"","height":""}],"twitter_card":"summary_large_image","twitter_misc":{"Tiempo de lectura":"4 minutos"},"schema":{"@context":"https:\/\/schema.org","@graph":[{"@type":"WebPage","@id":"https:\/\/www.itekcom.com\/collaborateurs\/collaborateurs-yves-putnikovic\/","url":"https:\/\/www.itekcom.com\/collaborateurs\/collaborateurs-yves-putnikovic\/","name":"Yves Putnikovic Bottin | Director General de Itekcom","isPartOf":{"@id":"https:\/\/www.itekcom.com\/#website"},"primaryImageOfPage":{"@id":"https:\/\/www.itekcom.com\/collaborateurs\/collaborateurs-yves-putnikovic\/#primaryimage"},"image":{"@id":"https:\/\/www.itekcom.com\/collaborateurs\/collaborateurs-yves-putnikovic\/#primaryimage"},"thumbnailUrl":"https:\/\/www.itekcom.com\/wp-content\/uploads\/2023\/01\/yves-235x300.jpg","datePublished":"2022-12-26T09:59:01+00:00","dateModified":"2024-12-07T06:45:48+00:00","description":"Obtenga m\u00e1s informaci\u00f3n sobre Yves Putnikovic Bottin, Consejero Delegado de Itekcom, l\u00edder en comunicaciones sanitarias digitales, y su inspiradora carrera en innovaci\u00f3n digital.","breadcrumb":{"@id":"https:\/\/www.itekcom.com\/collaborateurs\/collaborateurs-yves-putnikovic\/#breadcrumb"},"inLanguage":"es","potentialAction":[{"@type":"ReadAction","target":["https:\/\/www.itekcom.com\/collaborateurs\/collaborateurs-yves-putnikovic\/"]}]},{"@type":"ImageObject","inLanguage":"es","@id":"https:\/\/www.itekcom.com\/collaborateurs\/collaborateurs-yves-putnikovic\/#primaryimage","url":"https:\/\/www.itekcom.com\/wp-content\/uploads\/2023\/01\/yves-235x300.jpg","contentUrl":"https:\/\/www.itekcom.com\/wp-content\/uploads\/2023\/01\/yves-235x300.jpg"},{"@type":"BreadcrumbList","@id":"https:\/\/www.itekcom.com\/collaborateurs\/collaborateurs-yves-putnikovic\/#breadcrumb","itemListElement":[{"@type":"ListItem","position":1,"name":"Accueil","item":"https:\/\/www.itekcom.com\/"},{"@type":"ListItem","position":2,"name":"Yves Putnikovic Bottin | CEO d&rsquo;Itekcom"}]},{"@type":"WebSite","@id":"https:\/\/www.itekcom.com\/#website","url":"https:\/\/www.itekcom.com\/","name":"Agencia digital especializada en sanidad electr\u00f3nica y marketing m\u00e9dico","description":"Innovar en salud digital, transformar sus ambiciones","publisher":{"@id":"https:\/\/www.itekcom.com\/#organization"},"potentialAction":[{"@type":"SearchAction","target":{"@type":"EntryPoint","urlTemplate":"https:\/\/www.itekcom.com\/?s={search_term_string}"},"query-input":{"@type":"PropertyValueSpecification","valueRequired":true,"valueName":"search_term_string"}}],"inLanguage":"es"},{"@type":"Organization","@id":"https:\/\/www.itekcom.com\/#organization","name":"Agencia digital especializada en sanidad electr\u00f3nica y marketing m\u00e9dico","url":"https:\/\/www.itekcom.com\/","logo":{"@type":"ImageObject","inLanguage":"es","@id":"https:\/\/www.itekcom.com\/#\/schema\/logo\/image\/","url":"https:\/\/www.itekcom.com\/wp-content\/uploads\/2022\/10\/logo-itek.svg","contentUrl":"https:\/\/www.itekcom.com\/wp-content\/uploads\/2022\/10\/logo-itek.svg","caption":"Agence Digitale Sp\u00e9cialis\u00e9e en E-Sant\u00e9 et Marketing M\u00e9dical"},"image":{"@id":"https:\/\/www.itekcom.com\/#\/schema\/logo\/image\/"}}]}},"_links":{"self":[{"href":"https:\/\/www.itekcom.com\/es\/wp-json\/wp\/v2\/collaborateurs\/1396","targetHints":{"allow":["GET"]}}],"collection":[{"href":"https:\/\/www.itekcom.com\/es\/wp-json\/wp\/v2\/collaborateurs"}],"about":[{"href":"https:\/\/www.itekcom.com\/es\/wp-json\/wp\/v2\/types\/collaborateurs"}],"version-history":[{"count":10,"href":"https:\/\/www.itekcom.com\/es\/wp-json\/wp\/v2\/collaborateurs\/1396\/revisions"}],"predecessor-version":[{"id":4556,"href":"https:\/\/www.itekcom.com\/es\/wp-json\/wp\/v2\/collaborateurs\/1396\/revisions\/4556"}],"wp:attachment":[{"href":"https:\/\/www.itekcom.com\/es\/wp-json\/wp\/v2\/media?parent=1396"}],"curies":[{"name":"wp","href":"https:\/\/api.w.org\/{rel}","templated":true}]}}